{"id":17,"date":"2025-01-27T08:51:41","date_gmt":"2025-01-27T07:51:41","guid":{"rendered":"https:\/\/frenchconexion.com\/?page_id=17"},"modified":"2025-04-29T17:50:18","modified_gmt":"2025-04-29T15:50:18","slug":"privacidad","status":"publish","type":"page","link":"https:\/\/frenchconexion.com\/fr\/privacidad\/","title":{"rendered":"Politique de confidentialit\u00e9"},"content":{"rendered":"<div data-elementor-type=\"wp-page\" data-elementor-id=\"17\" class=\"elementor elementor-17\" data-elementor-post-type=\"page\">\n\t\t\t\t\t\t<section class=\"elementor-section elementor-top-section elementor-element elementor-element-6839463 elementor-section-content-middle elementor-section-boxed elementor-section-height-default elementor-section-height-default\" data-id=\"6839463\" data-element_type=\"section\" data-e-type=\"section\" data-settings=\"{&quot;background_background&quot;:&quot;classic&quot;}\">\n\t\t\t\t\t\t\t<div class=\"elementor-background-overlay\"><\/div>\n\t\t\t\t\t\t\t<div class=\"elementor-container elementor-column-gap-no\">\n\t\t\t\t\t<div class=\"elementor-column elementor-col-100 elementor-top-column elementor-element elementor-element-93f4229\" data-id=\"93f4229\" data-element_type=\"column\" data-e-type=\"column\">\n\t\t\t<div class=\"elementor-widget-wrap elementor-element-populated\">\n\t\t\t\t\t\t<div class=\"elementor-element elementor-element-032915f elementor-widget-divider--view-line_text elementor-widget-divider--element-align-center elementor-invisible elementor-widget elementor-widget-divider\" data-id=\"032915f\" data-element_type=\"widget\" data-e-type=\"widget\" data-settings=\"{&quot;_animation&quot;:&quot;fadeInLeft&quot;}\" data-widget_type=\"divider.default\">\n\t\t\t\t<div class=\"elementor-widget-container\">\n\t\t\t\t\t\t\t<div class=\"elementor-divider\">\n\t\t\t<span class=\"elementor-divider-separator\">\n\t\t\t\t\t\t\t<h5 class=\"elementor-divider__text elementor-divider__element\">\n\t\t\t\tPOLITIQUE DE CONFIDENTIALIT\u00c9\t\t\t\t<\/h5>\n\t\t\t\t\t\t<\/span>\n\t\t<\/div>\n\t\t\t\t\t\t<\/div>\n\t\t\t\t<\/div>\n\t\t\t\t\t<\/div>\n\t\t<\/div>\n\t\t\t\t\t<\/div>\n\t\t<\/section>\n\t\t<div class=\"elementor-element elementor-element-92b65bd e-flex e-con-boxed e-con e-parent\" data-id=\"92b65bd\" data-element_type=\"container\" data-e-type=\"container\">\n\t\t\t\t\t<div class=\"e-con-inner\">\n\t\t\t\t<div class=\"elementor-element elementor-element-dcab63a elementor-widget elementor-widget-text-editor\" data-id=\"dcab63a\" data-element_type=\"widget\" data-e-type=\"widget\" data-widget_type=\"text-editor.default\">\n\t\t\t\t<div class=\"elementor-widget-container\">\n\t\t\t\t\t\t\t\t\t<div class=\"row\"><div class=\"col-xl-10 mx-auto\"><div class=\"paper\"><header class=\"text-center\"><h4>I. POLITIQUE de CONFIDENTIALIT\u00c9 ET PROTECTION des DONN\u00c9ES<\/h4><\/header><div><p>Conform\u00e9ment \u00e0 la l\u00e9gislation en vigueur, <span class=\"blanc-space ng-binding\">French Connection S. L<\/span> (ci-apr\u00e8s, \u00e9galement Site web) s&#039;engage \u00e0 adopter les mesures techniques et d&#039;organisation, en fonction du niveau de s\u00e9curit\u00e9 adapt\u00e9 au risque de la collecte de donn\u00e9es.<\/p><h4>Les lois qui int\u00e8gre cette politique de confidentialit\u00e9<\/h4><p>Cette politique de confidentialit\u00e9 est adapt\u00e9 \u00e0 la l\u00e9gislation espagnole et europ\u00e9enne en vigueur dans le domaine de la protection des donn\u00e9es personnelles sur internet. En particulier, il respecte les r\u00e8gles suivantes:<\/p><ul><li>R\u00e8glement (UE) 2016\/679 du Parlement Europ\u00e9en et du Conseil, du 27 avril 2016 sur la protection des personnes physiques \u00e0 l&#039;\u00e9gard du traitement des donn\u00e9es \u00e0 caract\u00e8re personnel et \u00e0 la libre circulation de ces donn\u00e9es (RGPD).<\/li><li>La Loi Organique 3\/2018, du 5 d\u00e9cembre, sur la Protection des Donn\u00e9es Personnelles et de garantie des droits num\u00e9riques (LOPD-GDD).<\/li><li>Le D\u00e9cret Royal 1720\/2007, du 21 d\u00e9cembre, qui approuve le R\u00e8glement de d\u00e9veloppement de la Loi Organique 15\/1999, du 13 d\u00e9cembre, de Protection des Donn\u00e9es Personnelles (RDLOPD).<\/li><li>La Loi 34\/2002, du 11 juillet, sur les Services de la Soci\u00e9t\u00e9 de l&#039;Information et du Commerce \u00c9lectronique (LSSI-CE).<\/li><\/ul><h4>Identit\u00e9 du responsable du traitement des donn\u00e9es \u00e0 caract\u00e8re personnel<\/h4><p>Le contr\u00f4leur des donn\u00e9es \u00e0 caract\u00e8re personnel recueillies dans <span class=\"blanc-space ng-binding\">French Connection S. L<\/span> est: <span class=\"blanc-space ng-binding\">Connexion fran\u00e7aise SL<\/span>avec num\u00e9ro CIF: <span class=\"blanc-space ng-binding\">B12843504<\/span> (ci-apr\u00e8s, Responsable du traitement). Leurs donn\u00e9es de contact sont les suivantes:<\/p><p class=\"ng-hide\">Le contr\u00f4leur des donn\u00e9es \u00e0 caract\u00e8re personnel recueillies dans <span class=\"blanc-space ng-binding\">French Connection S. L<\/span> est la suivante: , avec NIF\/CIF: <span class=\"blanc-space ng-binding\">B12843504<\/span> et s&#039;inscrit dans: avec la suite de l&#039;enregistrement des donn\u00e9es: , dont le repr\u00e9sentant est: (ci-apr\u00e8s le contr\u00f4leur). Leurs donn\u00e9es de contact sont les suivantes:<\/p><p>Adresse: <span class=\"blanc-space ng-binding\">C\/ la Trinit\u00e9-73,5 Pour, (12002) Castell\u00f3n de La Plana, Castell\u00f3n<\/span><\/p><p>T\u00e9l\u00e9phone de Contact: <span class=\"blanc-space ng-binding\">(+34) 678 765 969<\/span><\/p><p class=\"ng-hide\">Fax:<\/p><p>Contact E-Mail: <span class=\"blanc-space ng-binding\">john.duong@sungrass.fr<\/span><\/p><h4>L&#039;enregistrement des Donn\u00e9es Personnelles<\/h4><p>En conformit\u00e9 avec ce qui est \u00e9tabli dans la RGPD et de la LOPD-GDD, nous vous informons que les donn\u00e9es \u00e0 caract\u00e8re personnel collect\u00e9es par <span class=\"blanc-space ng-binding\">French Connection S. L<\/span>\u00e0 travers les formes \u00e9tendues sur ses pages seront stock\u00e9es et trait\u00e9es dans notre fichier afin de faciliter, d&#039;acc\u00e9l\u00e9rer et de respecter les engagements \u00e9tablis entre <span class=\"blanc-space ng-binding\">French Connection S. L<\/span> et l&#039;Utilisateur ou le maintien de la relation \u00e9tablie dans les formes que ce remplir, ou pour r\u00e9pondre \u00e0 une demande ou de la demande de la m\u00eame chose. Aussi, en conformit\u00e9 avec les dispositions de la RGPD et de la LOPD-GDD, sauf si l&#039;application de la d\u00e9rogation pr\u00e9vue \u00e0 l&#039;article 30.5 de la RGPD, il conserve un enregistrement des activit\u00e9s de transformation qui indique, en fonction de ses objectifs, les activit\u00e9s de transformation r\u00e9alis\u00e9es, et les autres circonstances \u00e9nonc\u00e9es dans la RGPD.<\/p><h4>Les principes applicables au traitement des donn\u00e9es \u00e0 caract\u00e8re personnel<\/h4><p>Le traitement des donn\u00e9es personnelles de l&#039;Utilisateur doit \u00eatre soumis aux principes suivants \u00e9nonc\u00e9s \u00e0 l&#039;article 5 de la RGPD et \u00e0 l&#039;article 4 et suivants de la Loi Organique 3\/2018, du 5 d\u00e9cembre, sur la Protection des Donn\u00e9es Personnelles et de garantie des droits num\u00e9riques:<\/p><ul><li>Principe de la l\u00e9galit\u00e9, la loyaut\u00e9 et la transparence: il vous faudra \u00e0 tout moment le consentement de l&#039;Utilisateur avant de l&#039;information totalement transparente pour les fins pour lesquelles les donn\u00e9es personnelles sont collect\u00e9es.<\/li><li>Principe de la limitation de la finalit\u00e9: les donn\u00e9es personnelles seront collect\u00e9es pour des finalit\u00e9s d\u00e9termin\u00e9es, explicites et l\u00e9gitimes.<\/li><li>Principe de minimisation des donn\u00e9es: les donn\u00e9es personnelles recueillies seront uniquement ceux qui sont strictement n\u00e9cessaires au regard des finalit\u00e9s pour lesquelles elles sont trait\u00e9es.<\/li><li>Principe de l&#039;exactitude: les donn\u00e9es personnelles doivent \u00eatre exactes et \u00eatre toujours \u00e0 jour.<\/li><li>Principe de la limitation de la dur\u00e9e de conservation: les donn\u00e9es personnelles ne seront entretenus de mani\u00e8re \u00e0 permettre l&#039;identification de l&#039;Utilisateur au cours de la dur\u00e9e n\u00e9cessaire aux finalit\u00e9s du traitement.<\/li><li>Principe de l&#039;int\u00e9grit\u00e9 et de la confidentialit\u00e9: les donn\u00e9es personnelles seront trait\u00e9es de mani\u00e8re \u00e0 garantir sa s\u00e9curit\u00e9 et de confidentialit\u00e9.<\/li><li>Principe de la responsabilit\u00e9 proactive: le contr\u00f4leur sera responsable de s&#039;assurer que les principes ci-dessus sont remplies.<\/li><\/ul><h4>Les cat\u00e9gories de donn\u00e9es \u00e0 caract\u00e8re personnel<\/h4><p>Les cat\u00e9gories de donn\u00e9es qui sont abord\u00e9es dans <span class=\"blanc-space ng-binding\">French Connection S. L<\/span> ils sont seulement donn\u00e9es d&#039;identification. En tout cas, ils sont trait\u00e9s \u00e0 des cat\u00e9gories particuli\u00e8res de donn\u00e9es \u00e0 caract\u00e8re personnel au sens de l&#039;article 9 de la RGPD.<\/p><p class=\"ng-hide\">Les cat\u00e9gories de donn\u00e9es qui sont abord\u00e9es dans <span class=\"blanc-space ng-binding\">French Connection S. L<\/span> ils sont \u00e0 la fois des donn\u00e9es d&#039;identification dans des cat\u00e9gories particuli\u00e8res de donn\u00e9es \u00e0 caract\u00e8re personnel au sens de l&#039;article 9 de la RGPD.<\/p><p class=\"ng-hide\">Sont consid\u00e9r\u00e9es comme des cat\u00e9gories particuli\u00e8res de donn\u00e9es \u00e0 caract\u00e8re personnel, celles qui r\u00e9v\u00e8lent l&#039;origine raciale ou ethnique, les opinions politiques, les convictions religieuses ou philosophiques, ou l&#039;appartenance syndicale, ainsi que le traitement des donn\u00e9es g\u00e9n\u00e9tiques, donn\u00e9es biom\u00e9triques visant \u00e0 identifier de mani\u00e8re unique \u00e0 une personne physique, les donn\u00e9es concernant la sant\u00e9 ou des donn\u00e9es relatives \u00e0 la vie sexuelle ou l&#039;orientation sexuelle d&#039;une personne physique.<\/p><p class=\"ng-hide\">Pour le traitement de cat\u00e9gories particuli\u00e8res de donn\u00e9es \u00e0 caract\u00e8re personnel, sera n\u00e9cessaire dans tous les cas, le consentement explicite de l&#039;Utilisateur pour un ou plusieurs objets d\u00e9termin\u00e9s.<\/p><h4>La base juridique pour le traitement des donn\u00e9es personnelles<\/h4><p>La base juridique pour le traitement des donn\u00e9es personnelles est le consentement. <span class=\"blanc-space ng-binding\">French Connection S. L<\/span> vous vous engagez \u00e0 obtenir l&#039;autorisation expresse et v\u00e9rifiables par l&#039;Utilisateur pour le traitement de vos donn\u00e9es personnelles pour une ou plusieurs des fins sp\u00e9cifiques.<\/p><p>L&#039;Utilisateur doit avoir le droit de retirer votre consentement \u00e0 tout moment. Il sera aussi facile de retirer son consentement \u00e0 donner. En r\u00e8gle g\u00e9n\u00e9rale, le retrait du consentement ne sera pas la condition de l&#039;utilisation du Site web.<\/p><p>Sur les occasions dans lesquelles l&#039;Utilisateur doit ou fournir leurs donn\u00e9es personnelles par le biais des formulaires pour poser des questions, demander des informations ou pour des raisons li\u00e9es au contenu du Site web, vous en serez inform\u00e9 dans le cas o\u00f9 la r\u00e9alisation de l&#039;un d&#039;eux est obligatoire parce qu&#039;ils sont essentiels pour le bon d\u00e9veloppement de l&#039;op\u00e9ration effectu\u00e9e.<\/p><h4>Les finalit\u00e9s du traitement pour lequel les donn\u00e9es \u00e0 caract\u00e8re personnel sont destin\u00e9es<\/h4><p>Les donn\u00e9es personnelles sont collect\u00e9es et g\u00e9r\u00e9es par <span class=\"blanc-space ng-binding\">French Connection S. L<\/span> afin de faciliter, d&#039;acc\u00e9l\u00e9rer et de respecter les engagements \u00e9tablis entre le Site et l&#039;Utilisateur ou le maintien de la relation \u00e9tablie dans les formes que cette derni\u00e8re \u00e0 remplir ou pour remplir une demande ou d&#039;une requ\u00eate.<\/p><p>Aussi, les donn\u00e9es peuvent \u00eatre utilis\u00e9es \u00e0 des fins commerciales, de personnalisation, de fonctionnement et \u00e0 des fins statistiques, et les activit\u00e9s de l&#039;sociale <span class=\"blanc-space ng-binding\">French Connection S. L<\/span>ainsi que pour l&#039;extraction, le stockage des donn\u00e9es et des \u00e9tudes de marketing \u00e0 adapter le Contenu propos\u00e9 \u00e0 l&#039;Utilisateur, ainsi que l&#039;am\u00e9lioration de la qualit\u00e9, de l&#039;exploitation et de la navigation du Site.<\/p><p>Dans le temps que nous avons les donn\u00e9es \u00e0 caract\u00e8re personnel, l&#039;Utilisateur sera inform\u00e9 sur le but ou la finalit\u00e9 sp\u00e9cifique du traitement d&#039;investir dans les donn\u00e9es personnelles, c&#039;est-\u00e0-dire, l&#039;utilisation ou les utilisations pour \u00eatre faite des informations recueillies.<\/p><h4>Les p\u00e9riodes de conservation des donn\u00e9es \u00e0 caract\u00e8re personnel<\/h4><p>Les donn\u00e9es personnelles ne seront conserv\u00e9es que pour la dur\u00e9e minimale n\u00e9cessaire pour les besoins de son traitement et, dans tous les cas, uniquement pendant la p\u00e9riode suivante: <span class=\"blanc-space ng-binding\">12<\/span>ou jusqu&#039;\u00e0 ce que l&#039;Utilisateur demande sa suppression.<\/p><p>Dans le temps que nous avons les donn\u00e9es \u00e0 caract\u00e8re personnel, informer l&#039;Utilisateur sur la p\u00e9riode au cours de laquelle il conserve les donn\u00e9es personnelles ou, lorsque cela n&#039;est pas possible, les crit\u00e8res utilis\u00e9s pour d\u00e9terminer ce terme.<\/p><h4>Les destinataires des donn\u00e9es \u00e0 caract\u00e8re personnel<\/h4><p class=\"ng-hide\">Les donn\u00e9es personnelles de l&#039;Utilisateur ne seront pas partag\u00e9es avec des tiers.<\/p><p class=\"ng-hide\">En tout cas, au moment que nous obtenons les donn\u00e9es \u00e0 caract\u00e8re personnel, l&#039;Utilisateur sera inform\u00e9 sur les destinataires ou les cat\u00e9gories de destinataires des donn\u00e9es \u00e0 caract\u00e8re personnel.<\/p><p>Les donn\u00e9es personnelles de l&#039;Utilisateur seront partag\u00e9s avec la suite de destinataires ou cat\u00e9gories de destinataires:<\/p><p class=\"text-wrap ng-binding\">\u00a0<\/p><p>Dans le cas o\u00f9 le contr\u00f4leur a l&#039;intention de transf\u00e9rer des donn\u00e9es \u00e0 caract\u00e8re personnel vers un pays tiers ou une organisation internationale, au moment de l&#039;obtention de donn\u00e9es \u00e0 caract\u00e8re personnel, l&#039;Utilisateur sera inform\u00e9 par le pays tiers ou l&#039;organisation internationale \u00e0 laquelle ils ont l&#039;intention de transf\u00e9rer les donn\u00e9es, ainsi que l&#039;existence ou l&#039;absence d&#039;une telle d\u00e9cision de la Commission.<\/p><h4>Les donn\u00e9es personnelles des mineurs<\/h4><p>En respectant les dispositions des articles 8 de la RGPD et 7 de la Loi Organique 3\/2018, du 5 d\u00e9cembre, sur la Protection des Donn\u00e9es Personnelles et de garantie des droits num\u00e9riques, seuls ceux de plus de 14 ans sont en mesure de fournir votre consentement pour le traitement de vos donn\u00e9es personnelles dans une voie l\u00e9gale par <span class=\"blanc-space ng-binding\">French Connection S. L<\/span>. Si c&#039;est un mineur de plus de 14 ans, sera n\u00e9cessaire pour que le consentement des parents ou des tuteurs pour le traitement, et ce ne peut \u00eatre consid\u00e9r\u00e9e comme licite dans la mesure o\u00f9 celles-ci ont \u00e9t\u00e9 autoris\u00e9s.<\/p><h4>La confidentialit\u00e9 et la s\u00e9curit\u00e9 des donn\u00e9es \u00e0 caract\u00e8re personnel<\/h4><p><span class=\"blanc-space ng-binding\">French Connection S. L<\/span> s&#039;engage \u00e0 adopter les mesures techniques et d&#039;organisation, en fonction du niveau de s\u00e9curit\u00e9 adapt\u00e9 au risque de la collecte de donn\u00e9es, d&#039;une mani\u00e8re qui garantit la s\u00e9curit\u00e9 des donn\u00e9es personnelles et d&#039;\u00e9viter la destruction, la perte ou accidentelle ou illicite de donn\u00e9es \u00e0 caract\u00e8re personnel transmises, conserv\u00e9es ou trait\u00e9es d&#039;une autre mani\u00e8re, ou la communication ou l&#039;acc\u00e8s non autoris\u00e9 \u00e0 ces donn\u00e9es.<\/p><p class=\"\">Le Site dispose d&#039;un certificat SSL (Secure Socket Layer), ce qui garantit que les donn\u00e9es personnelles sont transmises de fa\u00e7on s\u00e9curis\u00e9e et en toute confidentialit\u00e9, \u00e0 la transmission de donn\u00e9es entre le serveur et l&#039;Utilisateur, et dans les commentaires, enti\u00e8rement crypt\u00e9es ou crypt\u00e9.<\/p><p>Toutefois, en raison de <span class=\"blanc-space ng-binding\">French Connection S. L<\/span> il ne peut pas garantir le caract\u00e8re inexpugnable de l&#039;internet ou de l&#039;absence totale de pirates ou d&#039;autres personnes qui ont acc\u00e8s \u00e0 des moyens frauduleux \u00e0 des donn\u00e9es personnelles, le contr\u00f4leur est tenu d&#039;en informer l&#039;Utilisateur, sans retard indu, quand il se produit dans une violation de la s\u00e9curit\u00e9 des donn\u00e9es \u00e0 caract\u00e8re personnel qui est susceptible de pr\u00e9senter un risque \u00e9lev\u00e9 pour les droits et les libert\u00e9s des personnes physiques. Selon ce qui est \u00e9tabli dans l&#039;article 4 de la RGPD, la dur\u00e9e de la violation de la s\u00e9curit\u00e9 des donn\u00e9es personnelles de toute violation de la s\u00e9curit\u00e9 entra\u00eenant la destruction, la perte ou accidentelle ou illicite de donn\u00e9es \u00e0 caract\u00e8re personnel transmises, conserv\u00e9es ou trait\u00e9es d&#039;une autre mani\u00e8re, ou la communication ou l&#039;acc\u00e8s non autoris\u00e9 \u00e0 ces donn\u00e9es.<\/p><p>Les donn\u00e9es personnelles seront trait\u00e9es comme confidentielles par le contr\u00f4leur, qui s&#039;engage \u00e0 en informer et de garantir, \u00e0 travers une obligation l\u00e9gale ou contractuelle que la confidentialit\u00e9 est respect\u00e9e par ses employ\u00e9s, associ\u00e9s, et toute personne \u00e0 laquelle nous rendre l&#039;information accessible.<\/p><h4>Droits tir\u00e9s du traitement des donn\u00e9es \u00e0 caract\u00e8re personnel<\/h4><p>L&#039;Utilisateur est sur <span class=\"blanc-space ng-binding\">French Connection S. L<\/span> et peut, par cons\u00e9quent, exerc\u00e9s \u00e0 l&#039;encontre du Responsable du traitement des droits reconnus dans le RGPD et de la Loi Organique 3\/2018, du 5 d\u00e9cembre, sur la Protection des Donn\u00e9es Personnelles et de garantie des droits num\u00e9riques:<\/p><ul><li><i>Droit d&#039;acc\u00e8s:<\/i> C&#039;est le droit de l&#039;Utilisateur d&#039;obtenir la confirmation <span class=\"blanc-space ng-binding\">French Connection S. L<\/span> vous essayez de ou pas leurs donn\u00e9es personnelles et, le cas \u00e9ch\u00e9ant, obtenir des informations sur leurs donn\u00e9es \u00e0 caract\u00e8re personnel et de traitement <span class=\"blanc-space ng-binding\">French Connection S. L<\/span> peut faire ou avoir fait, ainsi que, entre autres, de l&#039;information disponible sur l&#039;origine de ces donn\u00e9es et les destinataires de la communication r\u00e9alis\u00e9e ou pr\u00e9vue, de la m\u00eame chose.<\/li><li><i>Droit de rectification:<\/i> C&#039;est le droit de l&#039;Utilisateur \u00e0 modifier les donn\u00e9es \u00e0 caract\u00e8re personnel inexactes ou, en tenant compte de la finalit\u00e9 du traitement, incompl\u00e8te.<\/li><li><i>Droit \u00e0 l&#039;effacement (&#034;droit \u00e0 l&#039;oubli&#034;):<\/i> C&#039;est le droit de l&#039;Utilisateur, \u00e0 condition que la l\u00e9gislation actuelle ne permet pas d&#039;\u00e9tablir le contraire, pour obtenir la suppression de vos donn\u00e9es personnelles lorsque ceux-ci ne sont plus n\u00e9cessaires aux fins pour lesquelles elles ont \u00e9t\u00e9 collect\u00e9es ou trait\u00e9es; l&#039;Utilisateur a retir\u00e9 son consentement pour le traitement et la ce n&#039;ont pas d&#039;autre fondement juridique; l&#039;Utilisateur s&#039;oppose \u00e0 un tel traitement, et il n&#039;y a pas d&#039;autre motif l\u00e9gitime de proc\u00e9der \u00e0 la m\u00eame; les donn\u00e9es \u00e0 caract\u00e8re personnel ont \u00e9t\u00e9 trait\u00e9es ill\u00e9galement; les donn\u00e9es personnelles doivent \u00eatre supprim\u00e9s dans le respect d&#039;une obligation l\u00e9gale; o les donn\u00e9es \u00e0 caract\u00e8re personnel ont \u00e9t\u00e9 obtenus, le produit de l&#039;offre directe de services de la soci\u00e9t\u00e9 de l&#039;information \u00e0 un mineur de 14 ans. En plus de la suppression des donn\u00e9es, le contr\u00f4leur, en tenant compte de la technologie disponible et le co\u00fbt de mise en \u0153uvre, doit prendre des mesures raisonnables pour informer les d\u00e9cideurs politiques qui tentent de les donn\u00e9es personnelles de la personne concern\u00e9e de demander la suppression de tous les liens vers ces donn\u00e9es \u00e0 caract\u00e8re personnel.<\/li><li><i>Droit \u00e0 la limitation du traitement:<\/i> C&#039;est le droit de l&#039;Utilisateur de limiter le traitement de vos donn\u00e9es personnelles. L&#039;Utilisateur a le droit d&#039;obtenir la limitation de traitement lorsque vous contester l&#039;exactitude de vos donn\u00e9es personnelles; le traitement est illicite; le contr\u00f4leur n&#039;a plus besoin des donn\u00e9es personnelles, mais l&#039;Utilisateur en a besoin pour faire des r\u00e9clamations; et lorsque l&#039;Utilisateur a oppos\u00e9 le traitement.<\/li><li><i>Droit \u00e0 la portabilit\u00e9 des donn\u00e9es:<\/i> Dans le cas o\u00f9 le traitement est effectu\u00e9 par des moyens automatis\u00e9s, vous avez le droit de recevoir le traitement de vos donn\u00e9es \u00e0 caract\u00e8re personnel dans un format structur\u00e9, d&#039;un usage courant et de la m\u00e9canique de lecture, et de les transmettre \u00e0 un autre responsable du traitement. Si cela est techniquement possible, le contr\u00f4leur transmet les donn\u00e9es directement \u00e0 un autre responsable.<\/li><li><i>Droit d&#039;opposition:<\/i> C&#039;est le droit de l&#039;Utilisateur \u00e0 ne pas effectuer le traitement de vos donn\u00e9es personnelles ou de cesser le traitement de la m\u00eame fa\u00e7on par <span class=\"blanc-space ng-binding\">French Connection S. L<\/span>.<\/li><li><i>Droit de ne pas \u00eatre soumis \u00e0 une d\u00e9cision uniquement fond\u00e9e sur un traitement automatis\u00e9, y compris le profilage:<\/i> C&#039;est le droit de l&#039;Utilisateur \u00e0 ne pas \u00eatre soumis \u00e0 un individualis\u00e9 d\u00e9cision bas\u00e9e uniquement sur le traitement automatis\u00e9 de vos donn\u00e9es personnelles, y compris l&#039;\u00e9laboration de profils existants, sauf si la loi applicable en dispose autrement.<\/li><\/ul><p>Ainsi, l&#039;Utilisateur peut exercer ses droits par voie de communication \u00e9crite adress\u00e9e au Responsable du traitement, avec la mention &#034;RGPD-<span class=\"blanc-space ng-binding\">frenchconexion.com<\/span>&#034;, en pr\u00e9cisant:<\/p><ul><li>Nom, pr\u00e9nom de l&#039;Utilisateur et copie de la carte. Dans les cas qui permet la repr\u00e9sentation, il sera \u00e9galement n\u00e9cessaire d&#039;identifier, par le m\u00eame moyen la personne qui repr\u00e9sente l&#039;Utilisateur, ainsi que le document de l&#039;accr\u00e9ditation de la repr\u00e9sentation. La photocopie de la carte d&#039;identit\u00e9 peut \u00eatre remplac\u00e9e par tout autre moyen de preuve d&#039;identit\u00e9 valable.<\/li><li>Demande avec les motifs pr\u00e9cis de la demande ou de l&#039;information que vous souhaitez acc\u00e9der.<\/li><li>Adresse pour les notifications.<\/li><li>Date et signature du demandeur.<\/li><li>Tout document attestant de la demande.<\/li><\/ul><p>Cette demande et tout autre document que les pr\u00e9sentes seront envoy\u00e9s \u00e0 l&#039;adresse suivante et\/ou e-mail:<\/p><p>Adresse postale: <span class=\"blanc-space ng-binding\">C\/ la Trinit\u00e9-73,5 Pour, (12002) Castell\u00f3n de La Plana, Castell\u00f3n<\/span><\/p><p>E-mail: <span class=\"blanc-space ng-binding\">john.duong@sungrass.fr<\/span><\/p><h4>Des liens vers les sites web de tiers<\/h4><p>Le Site Web peut comporter des liens ou des liens qui permettent d&#039;acc\u00e9der \u00e0 des pages web de tiers, autres que les <span class=\"blanc-space ng-binding\">French Connection S. L<\/span>et, par cons\u00e9quent, ne sont pas exploit\u00e9s par <span class=\"blanc-space ng-binding\">French Connection S. L<\/span>. Les titulaires de ces sites ont leurs propres politiques de protection des donn\u00e9es, \u00e9tant eux-m\u00eames, dans chaque cas, la responsabilit\u00e9 de leurs propres fichiers et de leurs propres pratiques en mati\u00e8re de confidentialit\u00e9.<\/p><h4>Les plaintes \u00e0 l&#039;autorit\u00e9 de surveillance<\/h4><p>En caso de que el Usuario considere que existe un problema o infracci\u00f3n de la normativa vigente en la forma en la que se est\u00e1n tratando sus datos personales, tendr\u00e1 derecho a la tutela judicial efectiva y a presentar una reclamaci\u00f3n ante una autoridad de control, en particular, en el Estado en el que tenga su residencia habitual, lugar de trabajo o lugar de la supuesta infracci\u00f3n. En el caso de Espa\u00f1a, la autoridad de control es la Agencia Espa\u00f1ola de Protecci\u00f3n de Datos (https:\/\/www.aepd.es\/).<\/p><h3>II. ACCEPTATION ET MODIFICATION \u00c0 LA PR\u00c9SENTE POLITIQUE DE CONFIDENTIALIT\u00c9<\/h3><p>Il est n\u00e9cessaire que l&#039;Utilisateur a lu et qu&#039;il est satisfait aux conditions de la protection des donn\u00e9es \u00e0 caract\u00e8re personnel contenues dans la pr\u00e9sente Politique de Confidentialit\u00e9, ainsi que d&#039;accepter le traitement de leurs donn\u00e9es \u00e0 caract\u00e8re personnel pour le contr\u00f4leur de proc\u00e9der \u00e0 l&#039;identique dans la forme, pour les p\u00e9riodes et aux fins indiqu\u00e9es. L&#039;utilisation de ce Site constitue une acceptation de la Politique de Confidentialit\u00e9 de la m\u00eame chose.<\/p><p><span class=\"blanc-space ng-binding\">French Connection S. L<\/span> se r\u00e9serve le droit de modifier sa Politique de Confidentialit\u00e9, selon ses propres crit\u00e8res, ou motiv\u00e9e par une modification l\u00e9gislative, jurisprudentielle ou doctrinale de l&#039;Agence espagnole de Protection des Donn\u00e9es. Tous les changements ou mises \u00e0 jour de cette Politique de Confidentialit\u00e9 ne va pas \u00eatre inform\u00e9 explicitement \u00e0 l&#039;Utilisateur. L&#039;Utilisateur est invit\u00e9 \u00e0 consulter r\u00e9guli\u00e8rement cette page pour conna\u00eetre les derni\u00e8res modifications ou mises \u00e0 jour.<\/p><p>Cette Politique de Confidentialit\u00e9 a \u00e9t\u00e9 mise \u00e0 jour afin de l&#039;adapter au R\u00e8glement (UE) 2016\/679 du Parlement Europ\u00e9en et du Conseil, du 27 avril 2016 sur la protection des personnes physiques \u00e0 l&#039;\u00e9gard du traitement des donn\u00e9es \u00e0 caract\u00e8re personnel et \u00e0 la libre circulation de ces donn\u00e9es (RGPD) et \u00e0 la Loi Organique 3\/2018, du 5 d\u00e9cembre, sur la Protection des Donn\u00e9es Personnelles et de garantie des droits num\u00e9riques.<\/p><\/div><\/div><\/div><\/div>\t\t\t\t\t\t\t\t<\/div>\n\t\t\t\t<\/div>\n\t\t\t\t\t<\/div>\n\t\t\t\t<\/div>\n\t\t\t\t<\/div>","protected":false},"excerpt":{"rendered":"<p>POL\u00cdTICA DE PRIVACIDAD I. POL\u00cdTICA DE PRIVACIDAD Y PROTECCI\u00d3N DE DATOS Respetando lo establecido en la legislaci\u00f3n vigente, French Conex\u00edon S.L (en adelante, tambi\u00e9n Sitio Web) se compromete a adoptar las medidas t\u00e9cnicas y organizativas necesarias, seg\u00fan el nivel de seguridad adecuado al riesgo de los datos recogidos. Leyes que incorpora esta pol\u00edtica de privacidad [&hellip;]<\/p>\n","protected":false},"author":2,"featured_media":0,"parent":0,"menu_order":0,"comment_status":"closed","ping_status":"closed","template":"elementor_header_footer","meta":{"footnotes":""},"class_list":["post-17","page","type-page","status-publish","hentry"],"yoast_head":"<!-- This site is optimized with the Yoast SEO plugin v27.5 - https:\/\/yoast.com\/product\/yoast-seo-wordpress\/ -->\n<title>Pol\u00edtica de privacidad - French Conex\u00edon S.L<\/title>\n<meta name=\"robots\" content=\"noindex, follow\" \/>\n<meta property=\"og:locale\" content=\"fr_FR\" \/>\n<meta property=\"og:type\" content=\"article\" \/>\n<meta property=\"og:title\" content=\"Pol\u00edtica de privacidad - French Conex\u00edon S.L\" \/>\n<meta property=\"og:description\" content=\"POL\u00cdTICA DE PRIVACIDAD I. POL\u00cdTICA DE PRIVACIDAD Y PROTECCI\u00d3N DE DATOS Respetando lo establecido en la legislaci\u00f3n vigente, French Conex\u00edon S.L (en adelante, tambi\u00e9n Sitio Web) se compromete a adoptar las medidas t\u00e9cnicas y organizativas necesarias, seg\u00fan el nivel de seguridad adecuado al riesgo de los datos recogidos. Leyes que incorpora esta pol\u00edtica de privacidad [&hellip;]\" \/>\n<meta property=\"og:url\" content=\"https:\/\/frenchconexion.com\/fr\/privacidad\/\" \/>\n<meta property=\"og:site_name\" content=\"French Conex\u00edon S.L\" \/>\n<meta property=\"article:modified_time\" content=\"2025-04-29T15:50:18+00:00\" \/>\n<meta name=\"twitter:card\" content=\"summary_large_image\" \/>\n<meta name=\"twitter:label1\" content=\"Dur\u00e9e de lecture estim\u00e9e\" \/>\n\t<meta name=\"twitter:data1\" content=\"13 minutes\" \/>\n<script type=\"application\/ld+json\" class=\"yoast-schema-graph\">{\"@context\":\"https:\\\/\\\/schema.org\",\"@graph\":[{\"@type\":\"WebPage\",\"@id\":\"https:\\\/\\\/frenchconexion.com\\\/privacidad\\\/\",\"url\":\"https:\\\/\\\/frenchconexion.com\\\/privacidad\\\/\",\"name\":\"Pol\u00edtica de privacidad - French Conex\u00edon S.L\",\"isPartOf\":{\"@id\":\"https:\\\/\\\/frenchconexion.com\\\/#website\"},\"datePublished\":\"2025-01-27T07:51:41+00:00\",\"dateModified\":\"2025-04-29T15:50:18+00:00\",\"breadcrumb\":{\"@id\":\"https:\\\/\\\/frenchconexion.com\\\/privacidad\\\/#breadcrumb\"},\"inLanguage\":\"fr-FR\",\"potentialAction\":[{\"@type\":\"ReadAction\",\"target\":[\"https:\\\/\\\/frenchconexion.com\\\/privacidad\\\/\"]}]},{\"@type\":\"BreadcrumbList\",\"@id\":\"https:\\\/\\\/frenchconexion.com\\\/privacidad\\\/#breadcrumb\",\"itemListElement\":[{\"@type\":\"ListItem\",\"position\":1,\"name\":\"Portada\",\"item\":\"https:\\\/\\\/frenchconexion.com\\\/\"},{\"@type\":\"ListItem\",\"position\":2,\"name\":\"Pol\u00edtica de privacidad\"}]},{\"@type\":\"WebSite\",\"@id\":\"https:\\\/\\\/frenchconexion.com\\\/#website\",\"url\":\"https:\\\/\\\/frenchconexion.com\\\/\",\"name\":\"French Conex\u00edon S.L\",\"description\":\"\",\"publisher\":{\"@id\":\"https:\\\/\\\/frenchconexion.com\\\/#organization\"},\"potentialAction\":[{\"@type\":\"SearchAction\",\"target\":{\"@type\":\"EntryPoint\",\"urlTemplate\":\"https:\\\/\\\/frenchconexion.com\\\/?s={search_term_string}\"},\"query-input\":{\"@type\":\"PropertyValueSpecification\",\"valueRequired\":true,\"valueName\":\"search_term_string\"}}],\"inLanguage\":\"fr-FR\"},{\"@type\":\"Organization\",\"@id\":\"https:\\\/\\\/frenchconexion.com\\\/#organization\",\"name\":\"French Conex\u00edon S.L\",\"url\":\"https:\\\/\\\/frenchconexion.com\\\/\",\"logo\":{\"@type\":\"ImageObject\",\"inLanguage\":\"fr-FR\",\"@id\":\"https:\\\/\\\/frenchconexion.com\\\/#\\\/schema\\\/logo\\\/image\\\/\",\"url\":\"https:\\\/\\\/frenchconexion.com\\\/wp-content\\\/uploads\\\/2025\\\/02\\\/logo.png\",\"contentUrl\":\"https:\\\/\\\/frenchconexion.com\\\/wp-content\\\/uploads\\\/2025\\\/02\\\/logo.png\",\"width\":1024,\"height\":509,\"caption\":\"French Conex\u00edon S.L\"},\"image\":{\"@id\":\"https:\\\/\\\/frenchconexion.com\\\/#\\\/schema\\\/logo\\\/image\\\/\"}}]}<\/script>\n<!-- \/ Yoast SEO plugin. -->","yoast_head_json":{"title":"Pol\u00edtica de privacidad - French Conex\u00edon S.L","robots":{"index":"noindex","follow":"follow"},"og_locale":"fr_FR","og_type":"article","og_title":"Pol\u00edtica de privacidad - French Conex\u00edon S.L","og_description":"POL\u00cdTICA DE PRIVACIDAD I. POL\u00cdTICA DE PRIVACIDAD Y PROTECCI\u00d3N DE DATOS Respetando lo establecido en la legislaci\u00f3n vigente, French Conex\u00edon S.L (en adelante, tambi\u00e9n Sitio Web) se compromete a adoptar las medidas t\u00e9cnicas y organizativas necesarias, seg\u00fan el nivel de seguridad adecuado al riesgo de los datos recogidos. Leyes que incorpora esta pol\u00edtica de privacidad [&hellip;]","og_url":"https:\/\/frenchconexion.com\/fr\/privacidad\/","og_site_name":"French Conex\u00edon S.L","article_modified_time":"2025-04-29T15:50:18+00:00","twitter_card":"summary_large_image","twitter_misc":{"Dur\u00e9e de lecture estim\u00e9e":"13 minutes"},"schema":{"@context":"https:\/\/schema.org","@graph":[{"@type":"WebPage","@id":"https:\/\/frenchconexion.com\/privacidad\/","url":"https:\/\/frenchconexion.com\/privacidad\/","name":"Pol\u00edtica de privacidad - French Conex\u00edon S.L","isPartOf":{"@id":"https:\/\/frenchconexion.com\/#website"},"datePublished":"2025-01-27T07:51:41+00:00","dateModified":"2025-04-29T15:50:18+00:00","breadcrumb":{"@id":"https:\/\/frenchconexion.com\/privacidad\/#breadcrumb"},"inLanguage":"fr-FR","potentialAction":[{"@type":"ReadAction","target":["https:\/\/frenchconexion.com\/privacidad\/"]}]},{"@type":"BreadcrumbList","@id":"https:\/\/frenchconexion.com\/privacidad\/#breadcrumb","itemListElement":[{"@type":"ListItem","position":1,"name":"Portada","item":"https:\/\/frenchconexion.com\/"},{"@type":"ListItem","position":2,"name":"Pol\u00edtica de privacidad"}]},{"@type":"WebSite","@id":"https:\/\/frenchconexion.com\/#website","url":"https:\/\/frenchconexion.com\/","name":"French Connection S. L","description":"","publisher":{"@id":"https:\/\/frenchconexion.com\/#organization"},"potentialAction":[{"@type":"SearchAction","target":{"@type":"EntryPoint","urlTemplate":"https:\/\/frenchconexion.com\/?s={search_term_string}"},"query-input":{"@type":"PropertyValueSpecification","valueRequired":true,"valueName":"search_term_string"}}],"inLanguage":"fr-FR"},{"@type":"Organization","@id":"https:\/\/frenchconexion.com\/#organization","name":"French Connection S. L","url":"https:\/\/frenchconexion.com\/","logo":{"@type":"ImageObject","inLanguage":"fr-FR","@id":"https:\/\/frenchconexion.com\/#\/schema\/logo\/image\/","url":"https:\/\/frenchconexion.com\/wp-content\/uploads\/2025\/02\/logo.png","contentUrl":"https:\/\/frenchconexion.com\/wp-content\/uploads\/2025\/02\/logo.png","width":1024,"height":509,"caption":"French Conex\u00edon S.L"},"image":{"@id":"https:\/\/frenchconexion.com\/#\/schema\/logo\/image\/"}}]}},"_links":{"self":[{"href":"https:\/\/frenchconexion.com\/fr\/wp-json\/wp\/v2\/pages\/17","targetHints":{"allow":["GET"]}}],"collection":[{"href":"https:\/\/frenchconexion.com\/fr\/wp-json\/wp\/v2\/pages"}],"about":[{"href":"https:\/\/frenchconexion.com\/fr\/wp-json\/wp\/v2\/types\/page"}],"author":[{"embeddable":true,"href":"https:\/\/frenchconexion.com\/fr\/wp-json\/wp\/v2\/users\/2"}],"replies":[{"embeddable":true,"href":"https:\/\/frenchconexion.com\/fr\/wp-json\/wp\/v2\/comments?post=17"}],"version-history":[{"count":11,"href":"https:\/\/frenchconexion.com\/fr\/wp-json\/wp\/v2\/pages\/17\/revisions"}],"predecessor-version":[{"id":593,"href":"https:\/\/frenchconexion.com\/fr\/wp-json\/wp\/v2\/pages\/17\/revisions\/593"}],"wp:attachment":[{"href":"https:\/\/frenchconexion.com\/fr\/wp-json\/wp\/v2\/media?parent=17"}],"curies":[{"name":"wp","href":"https:\/\/api.w.org\/{rel}","templated":true}]}}